{"id":336,"date":"2017-11-24T14:53:13","date_gmt":"2017-11-24T12:53:13","guid":{"rendered":"http:\/\/karhulanilmailukerho.fi\/lentomuseo\/?page_id=336"},"modified":"2017-11-25T09:13:08","modified_gmt":"2017-11-25T07:13:08","slug":"toinen-testigalleria","status":"publish","type":"page","link":"http:\/\/karhulanilmailukerho.fi\/lentomuseo\/toinen-testigalleria\/","title":{"rendered":"Toinen testigalleria"},"content":{"rendered":"<p>Kerhomme pitk\u00e4aikaisen puuhamiehen Oiva Lehtisen maalauksia H\u00e4vitt\u00e4j\u00e4lentolaivue 34:n tapahtumista Kymiss\u00e4 sotavuosina 1943-44.<\/p>\n<div id='gallery-1' class='gallery galleryid-336 gallery-columns-3 gallery-size-thumbnail'><figure class='gallery-item'>\n\t\t\t<div class='gallery-icon landscape'>\n\t\t\t\t<a href='http:\/\/karhulanilmailukerho.fi\/lentomuseo\/taidegalleria\/tal0001\/'><img width=\"150\" height=\"150\" src=\"http:\/\/karhulanilmailukerho.fi\/lentomuseo\/wp-content\/uploads\/2017\/11\/tal0001-150x150.jpg\" class=\"attachment-thumbnail size-thumbnail\" alt=\"Pyry PY-24 oli Kymiss\u00e4 28.2.-7.4.44 it-maalilentoja varten\" decoding=\"async\" loading=\"lazy\" aria-describedby=\"gallery-1-257\" \/><\/a>\n\t\t\t<\/div>\n\t\t\t\t<figcaption class='wp-caption-text gallery-caption' id='gallery-1-257'>\n\t\t\t\tPyry PY-24 oli Kymiss\u00e4 28.2.-7.4.44 it-maalilentoja varten\n\t\t\t\t<\/figcaption><\/figure><figure class='gallery-item'>\n\t\t\t<div class='gallery-icon landscape'>\n\t\t\t\t<a href='http:\/\/karhulanilmailukerho.fi\/lentomuseo\/taidegalleria\/tal0002\/'><img width=\"150\" height=\"150\" src=\"http:\/\/karhulanilmailukerho.fi\/lentomuseo\/wp-content\/uploads\/2017\/11\/tal0002-150x150.jpg\" class=\"attachment-thumbnail size-thumbnail\" alt=\"\" decoding=\"async\" loading=\"lazy\" aria-describedby=\"gallery-1-258\" \/><\/a>\n\t\t\t<\/div>\n\t\t\t\t<figcaption class='wp-caption-text gallery-caption' id='gallery-1-258'>\n\t\t\t\tIlmataistelu talvella 1944 Kotkan yll\u00e4.\n\t\t\t\t<\/figcaption><\/figure><figure class='gallery-item'>\n\t\t\t<div class='gallery-icon landscape'>\n\t\t\t\t<a href='http:\/\/karhulanilmailukerho.fi\/lentomuseo\/taidegalleria\/tal0003\/'><img width=\"150\" height=\"150\" src=\"http:\/\/karhulanilmailukerho.fi\/lentomuseo\/wp-content\/uploads\/2017\/11\/tal0003-150x150.jpg\" class=\"attachment-thumbnail size-thumbnail\" alt=\"\" decoding=\"async\" loading=\"lazy\" aria-describedby=\"gallery-1-259\" \/><\/a>\n\t\t\t<\/div>\n\t\t\t\t<figcaption class='wp-caption-text gallery-caption' id='gallery-1-259'>\n\t\t\t\tDe Havilland Moth MO-112 oli ensimm\u00e4inen Kymiin 10. p\u00e4iv\u00e4n\u00e4 huhtikuuta 1943 klo 8.15 viel\u00e4 keskener\u00e4iselle kent\u00e4lle laskeutunut kone. Pilottina kapt. Olli Puhakka.\n\t\t\t\t<\/figcaption><\/figure><figure class='gallery-item'>\n\t\t\t<div class='gallery-icon landscape'>\n\t\t\t\t<a href='http:\/\/karhulanilmailukerho.fi\/lentomuseo\/taidegalleria\/tal0004\/'><img width=\"150\" height=\"150\" src=\"http:\/\/karhulanilmailukerho.fi\/lentomuseo\/wp-content\/uploads\/2017\/11\/tal0004-150x150.jpg\" class=\"attachment-thumbnail size-thumbnail\" alt=\"\" decoding=\"async\" loading=\"lazy\" aria-describedby=\"gallery-1-260\" \/><\/a>\n\t\t\t<\/div>\n\t\t\t\t<figcaption class='wp-caption-text gallery-caption' id='gallery-1-260'>\n\t\t\t\tPartiolennolla talvella 1944\n\t\t\t\t<\/figcaption><\/figure><figure class='gallery-item'>\n\t\t\t<div class='gallery-icon landscape'>\n\t\t\t\t<a href='http:\/\/karhulanilmailukerho.fi\/lentomuseo\/taidegalleria\/tal0005\/'><img width=\"150\" height=\"150\" src=\"http:\/\/karhulanilmailukerho.fi\/lentomuseo\/wp-content\/uploads\/2017\/11\/tal0005-150x150.jpg\" class=\"attachment-thumbnail size-thumbnail\" alt=\"\" decoding=\"async\" loading=\"lazy\" aria-describedby=\"gallery-1-261\" \/><\/a>\n\t\t\t<\/div>\n\t\t\t\t<figcaption class='wp-caption-text gallery-caption' id='gallery-1-261'>\n\t\t\t\tPetljakov Pe-2:n pudotus kes\u00e4ll\u00e4 1944 Kirkonmaan yll\u00e4 Kotkan edustalla.\n\t\t\t\t<\/figcaption><\/figure><figure class='gallery-item'>\n\t\t\t<div class='gallery-icon landscape'>\n\t\t\t\t<a href='http:\/\/karhulanilmailukerho.fi\/lentomuseo\/taidegalleria\/tal0006\/'><img width=\"150\" height=\"150\" src=\"http:\/\/karhulanilmailukerho.fi\/lentomuseo\/wp-content\/uploads\/2017\/11\/tal0006-150x150.jpg\" class=\"attachment-thumbnail size-thumbnail\" alt=\"\" decoding=\"async\" loading=\"lazy\" aria-describedby=\"gallery-1-262\" \/><\/a>\n\t\t\t<\/div>\n\t\t\t\t<figcaption class='wp-caption-text gallery-caption' id='gallery-1-262'>\n\t\t\t\tStartti Kymist\u00e4 taistelulennolle kes\u00e4ll\u00e4 1944.\n\t\t\t\t<\/figcaption><\/figure><figure class='gallery-item'>\n\t\t\t<div class='gallery-icon landscape'>\n\t\t\t\t<a href='http:\/\/karhulanilmailukerho.fi\/lentomuseo\/taidegalleria\/tal0007\/'><img width=\"150\" height=\"150\" src=\"http:\/\/karhulanilmailukerho.fi\/lentomuseo\/wp-content\/uploads\/2017\/11\/tal0007-150x150.jpg\" class=\"attachment-thumbnail size-thumbnail\" alt=\"\" decoding=\"async\" loading=\"lazy\" aria-describedby=\"gallery-1-263\" \/><\/a>\n\t\t\t<\/div>\n\t\t\t\t<figcaption class='wp-caption-text gallery-caption' id='gallery-1-263'>\n\t\t\t\tMersu huoltohallin edess\u00e4.\n\t\t\t\t<\/figcaption><\/figure><figure class='gallery-item'>\n\t\t\t<div class='gallery-icon landscape'>\n\t\t\t\t<a href='http:\/\/karhulanilmailukerho.fi\/lentomuseo\/taidegalleria\/tal0008\/'><img width=\"150\" height=\"150\" src=\"http:\/\/karhulanilmailukerho.fi\/lentomuseo\/wp-content\/uploads\/2017\/11\/tal0008-150x150.jpg\" class=\"attachment-thumbnail size-thumbnail\" alt=\"\" decoding=\"async\" loading=\"lazy\" aria-describedby=\"gallery-1-264\" \/><\/a>\n\t\t\t<\/div>\n\t\t\t\t<figcaption class='wp-caption-text gallery-caption' id='gallery-1-264'>\n\t\t\t\tMersu huoltohallin edess\u00e4.\n\t\t\t\t<\/figcaption><\/figure><figure class='gallery-item'>\n\t\t\t<div class='gallery-icon landscape'>\n\t\t\t\t<a href='http:\/\/karhulanilmailukerho.fi\/lentomuseo\/taidegalleria\/tal0009\/'><img width=\"150\" height=\"150\" src=\"http:\/\/karhulanilmailukerho.fi\/lentomuseo\/wp-content\/uploads\/2017\/11\/tal0009-150x150.jpg\" class=\"attachment-thumbnail size-thumbnail\" alt=\"\" decoding=\"async\" loading=\"lazy\" aria-describedby=\"gallery-1-265\" \/><\/a>\n\t\t\t<\/div>\n\t\t\t\t<figcaption class='wp-caption-text gallery-caption' id='gallery-1-265'>\n\t\t\t\tTaistelulennolla.\n\t\t\t\t<\/figcaption><\/figure><figure class='gallery-item'>\n\t\t\t<div class='gallery-icon landscape'>\n\t\t\t\t<a href='http:\/\/karhulanilmailukerho.fi\/lentomuseo\/taidegalleria\/tal0010\/'><img width=\"150\" height=\"150\" src=\"http:\/\/karhulanilmailukerho.fi\/lentomuseo\/wp-content\/uploads\/2017\/11\/tal0010-150x150.jpg\" class=\"attachment-thumbnail size-thumbnail\" alt=\"\" decoding=\"async\" loading=\"lazy\" aria-describedby=\"gallery-1-266\" \/><\/a>\n\t\t\t<\/div>\n\t\t\t\t<figcaption class='wp-caption-text gallery-caption' id='gallery-1-266'>\n\t\t\t\tValmistautumista starttiin.\n\t\t\t\t<\/figcaption><\/figure><figure class='gallery-item'>\n\t\t\t<div class='gallery-icon landscape'>\n\t\t\t\t<a href='http:\/\/karhulanilmailukerho.fi\/lentomuseo\/taidegalleria\/tal0011\/'><img width=\"150\" height=\"150\" src=\"http:\/\/karhulanilmailukerho.fi\/lentomuseo\/wp-content\/uploads\/2017\/11\/tal0011-150x150.jpg\" class=\"attachment-thumbnail size-thumbnail\" alt=\"\" decoding=\"async\" loading=\"lazy\" aria-describedby=\"gallery-1-267\" \/><\/a>\n\t\t\t<\/div>\n\t\t\t\t<figcaption class='wp-caption-text gallery-caption' id='gallery-1-267'>\n\t\t\t\tPyry PY-24 vaihdettiin huhtikuussa 1944 Hurricaneen, koska PY oli liian haavoittuva aktiivisella sotatoimialueella. HC-465 lennettiin Kuorevedelt\u00e4 Kymiin 30.4.1944. Sill\u00e4 lennettiin p\u00e4\u00e4asiassa it-maalilentoja yhteens\u00e4 13 lentoa.\n\t\t\t\t<\/figcaption><\/figure><figure class='gallery-item'>\n\t\t\t<div class='gallery-icon landscape'>\n\t\t\t\t<a href='http:\/\/karhulanilmailukerho.fi\/lentomuseo\/taidegalleria\/tal0012\/'><img width=\"150\" height=\"150\" src=\"http:\/\/karhulanilmailukerho.fi\/lentomuseo\/wp-content\/uploads\/2017\/11\/tal0012-150x150.jpg\" class=\"attachment-thumbnail size-thumbnail\" alt=\"\" decoding=\"async\" loading=\"lazy\" aria-describedby=\"gallery-1-268\" \/><\/a>\n\t\t\t<\/div>\n\t\t\t\t<figcaption class='wp-caption-text gallery-caption' id='gallery-1-268'>\n\t\t\t\tOhilennot lennonjohdon edest\u00e4.\n\t\t\t\t<\/figcaption><\/figure><figure class='gallery-item'>\n\t\t\t<div class='gallery-icon landscape'>\n\t\t\t\t<a href='http:\/\/karhulanilmailukerho.fi\/lentomuseo\/taidegalleria\/tal0013\/'><img width=\"150\" height=\"150\" src=\"http:\/\/karhulanilmailukerho.fi\/lentomuseo\/wp-content\/uploads\/2017\/11\/tal0013-150x150.jpg\" class=\"attachment-thumbnail size-thumbnail\" alt=\"\" decoding=\"async\" loading=\"lazy\" aria-describedby=\"gallery-1-269\" \/><\/a>\n\t\t\t<\/div>\n\t\t\t\t<figcaption class='wp-caption-text gallery-caption' id='gallery-1-269'>\n\t\t\t\tToinen Mersu rullaa l\u00e4ht\u00f6\u00f6n.\n\t\t\t\t<\/figcaption><\/figure><figure class='gallery-item'>\n\t\t\t<div class='gallery-icon landscape'>\n\t\t\t\t<a href='http:\/\/karhulanilmailukerho.fi\/lentomuseo\/taidegalleria\/tal0014\/'><img width=\"150\" height=\"150\" src=\"http:\/\/karhulanilmailukerho.fi\/lentomuseo\/wp-content\/uploads\/2017\/11\/tal0014-150x150.jpg\" class=\"attachment-thumbnail size-thumbnail\" alt=\"\" decoding=\"async\" loading=\"lazy\" aria-describedby=\"gallery-1-270\" \/><\/a>\n\t\t\t<\/div>\n\t\t\t\t<figcaption class='wp-caption-text gallery-caption' id='gallery-1-270'>\n\t\t\t\tMersupari starttaa 6.9.1943.\n\t\t\t\t<\/figcaption><\/figure><figure class='gallery-item'>\n\t\t\t<div class='gallery-icon landscape'>\n\t\t\t\t<a href='http:\/\/karhulanilmailukerho.fi\/lentomuseo\/taidegalleria\/tal0016\/'><img width=\"150\" height=\"150\" src=\"http:\/\/karhulanilmailukerho.fi\/lentomuseo\/wp-content\/uploads\/2017\/11\/tal0016-150x150.jpg\" class=\"attachment-thumbnail size-thumbnail\" alt=\"\" decoding=\"async\" loading=\"lazy\" aria-describedby=\"gallery-1-272\" \/><\/a>\n\t\t\t<\/div>\n\t\t\t\t<figcaption class='wp-caption-text gallery-caption' id='gallery-1-272'>\n\t\t\t\tKev\u00e4taamu 1944.\n\t\t\t\t<\/figcaption><\/figure><figure class='gallery-item'>\n\t\t\t<div class='gallery-icon landscape'>\n\t\t\t\t<a href='http:\/\/karhulanilmailukerho.fi\/lentomuseo\/taidegalleria\/tal0017\/'><img width=\"150\" height=\"150\" src=\"http:\/\/karhulanilmailukerho.fi\/lentomuseo\/wp-content\/uploads\/2017\/11\/tal0017-150x150.jpg\" class=\"attachment-thumbnail size-thumbnail\" alt=\"\" decoding=\"async\" loading=\"lazy\" aria-describedby=\"gallery-1-273\" \/><\/a>\n\t\t\t<\/div>\n\t\t\t\t<figcaption class='wp-caption-text gallery-caption' id='gallery-1-273'>\n\t\t\t\tMersu katetussa konekorsussa.\n\t\t\t\t<\/figcaption><\/figure><figure class='gallery-item'>\n\t\t\t<div class='gallery-icon landscape'>\n\t\t\t\t<a href='http:\/\/karhulanilmailukerho.fi\/lentomuseo\/tal0015\/'><img width=\"150\" height=\"150\" src=\"http:\/\/karhulanilmailukerho.fi\/lentomuseo\/wp-content\/uploads\/2017\/11\/tal0015-150x150.jpg\" class=\"attachment-thumbnail size-thumbnail\" alt=\"\" decoding=\"async\" loading=\"lazy\" aria-describedby=\"gallery-1-271\" \/><\/a>\n\t\t\t<\/div>\n\t\t\t\t<figcaption class='wp-caption-text gallery-caption' id='gallery-1-271'>\n\t\t\t\tKymi vuonna 2012\n\t\t\t\t<\/figcaption><\/figure>\n\t\t<\/div>\n\n","protected":false},"excerpt":{"rendered":"<p>Kerhomme pitk\u00e4aikaisen puuhamiehen Oiva Lehtisen maalauksia H\u00e4vitt\u00e4j\u00e4lentolaivue 34:n tapahtumista Kymiss\u00e4 sotavuosina 1943-44.<\/p>\n","protected":false},"author":1,"featured_media":0,"parent":0,"menu_order":0,"comment_status":"closed","ping_status":"closed","template":"","meta":{"om_disable_all_campaigns":false,"_exactmetrics_skip_tracking":false,"_exactmetrics_sitenote_active":false,"_exactmetrics_sitenote_note":"","_exactmetrics_sitenote_category":0},"aioseo_notices":[],"_links":{"self":[{"href":"http:\/\/karhulanilmailukerho.fi\/lentomuseo\/wp-json\/wp\/v2\/pages\/336"}],"collection":[{"href":"http:\/\/karhulanilmailukerho.fi\/lentomuseo\/wp-json\/wp\/v2\/pages"}],"about":[{"href":"http:\/\/karhulanilmailukerho.fi\/lentomuseo\/wp-json\/wp\/v2\/types\/page"}],"author":[{"embeddable":true,"href":"http:\/\/karhulanilmailukerho.fi\/lentomuseo\/wp-json\/wp\/v2\/users\/1"}],"replies":[{"embeddable":true,"href":"http:\/\/karhulanilmailukerho.fi\/lentomuseo\/wp-json\/wp\/v2\/comments?post=336"}],"version-history":[{"count":12,"href":"http:\/\/karhulanilmailukerho.fi\/lentomuseo\/wp-json\/wp\/v2\/pages\/336\/revisions"}],"predecessor-version":[{"id":349,"href":"http:\/\/karhulanilmailukerho.fi\/lentomuseo\/wp-json\/wp\/v2\/pages\/336\/revisions\/349"}],"wp:attachment":[{"href":"http:\/\/karhulanilmailukerho.fi\/lentomuseo\/wp-json\/wp\/v2\/media?parent=336"}],"curies":[{"name":"wp","href":"https:\/\/api.w.org\/{rel}","templated":true}]}}